{"id":1943,"date":"2023-07-04T09:42:13","date_gmt":"2023-07-04T09:42:13","guid":{"rendered":"https:\/\/gela-bau.de\/produkte\/weru-fenetres\/"},"modified":"2023-10-23T10:26:30","modified_gmt":"2023-10-23T10:26:30","slug":"weru-fenetres","status":"publish","type":"produkte","link":"https:\/\/gela-bau.de\/fr\/produits\/weru-fenetres\/","title":{"rendered":"WERU Fen\u00eatres"},"content":{"rendered":"\n<p>Weru vous offre tout ce qu&rsquo;il faut pour que vous trouviez exactement la bonne fen\u00eatre pour votre nouvelle construction ou votre r\u00e9novation. Que ce soit avec des profil\u00e9s de fen\u00eatres en plastique, en m\u00e9lange plastique-aluminium ou en aluminium, vous \u00eates \u00e0 la bonne adresse si vous recherchez une qualit\u00e9 durable.<\/p>\n\n<p>Notre assortiment r\u00e9pond \u00e9galement \u00e0 des exigences particuli\u00e8res : des fen\u00eatres de s\u00e9curit\u00e9 aux fen\u00eatres \u00e0 isolation thermique en passant par les fen\u00eatres \u00e0 isolation acoustique. Et avec de nombreuses options d&rsquo;\u00e9quipement, comme les couleurs, les croisillons ou les verres d\u00e9coratifs, ainsi que des technologies de fen\u00eatres innovantes, comme les aides \u00e0 la ventilation, vous adaptez vos fen\u00eatres exactement \u00e0 votre habitat.<\/p>\n\n<p><a href=\"https:\/\/www.weru.com\/de\/fenster\" target=\"_blank\" rel=\"noreferrer noopener\">Site officiel du fabricant WERU.<\/a><\/p>\n\n<figure class=\"wp-block-gallery has-nested-images columns-default is-cropped wp-block-gallery-1 is-layout-flex wp-block-gallery-is-layout-flex\">\n<figure class=\"wp-block-image size-full\"><img fetchpriority=\"high\" decoding=\"async\" width=\"530\" height=\"337\" data-id=\"1361\" src=\"https:\/\/gela.ahafactory.de\/wp-content\/uploads\/2023\/07\/weru-fenster-kunststofffenster-afino-one-irish-oak-komfortgriff-671e50e2.webp\" alt=\"\" class=\"wp-image-1361\" srcset=\"https:\/\/gela-bau.de\/wp-content\/uploads\/2023\/07\/weru-fenster-kunststofffenster-afino-one-irish-oak-komfortgriff-671e50e2.webp 530w, https:\/\/gela-bau.de\/wp-content\/uploads\/2023\/07\/weru-fenster-kunststofffenster-afino-one-irish-oak-komfortgriff-671e50e2-300x191.webp 300w\" sizes=\"(max-width: 530px) 100vw, 530px\" \/><\/figure>\n\n\n\n<figure class=\"wp-block-image size-full\"><img decoding=\"async\" width=\"538\" height=\"286\" data-id=\"1363\" src=\"https:\/\/gela.ahafactory.de\/wp-content\/uploads\/2023\/07\/weru-fenster-kunststoff-fenster-afino-tec-anthrazitgrau-sprossen-standardgriff-ce0b1144.webp\" alt=\"\" class=\"wp-image-1363\" srcset=\"https:\/\/gela-bau.de\/wp-content\/uploads\/2023\/07\/weru-fenster-kunststoff-fenster-afino-tec-anthrazitgrau-sprossen-standardgriff-ce0b1144.webp 538w, https:\/\/gela-bau.de\/wp-content\/uploads\/2023\/07\/weru-fenster-kunststoff-fenster-afino-tec-anthrazitgrau-sprossen-standardgriff-ce0b1144-300x159.webp 300w\" sizes=\"(max-width: 538px) 100vw, 538px\" \/><\/figure>\n\n\n\n<figure class=\"wp-block-image size-full\"><img decoding=\"async\" width=\"538\" height=\"286\" data-id=\"1362\" src=\"https:\/\/gela.ahafactory.de\/wp-content\/uploads\/2023\/07\/weru-fenster-kunststofffenster_castello_plus_ral_weiss_lackiert_standardgriff_sprossen_aufgesetzt_kinderzimmer-web-a51f6760.webp\" alt=\"\" class=\"wp-image-1362\" srcset=\"https:\/\/gela-bau.de\/wp-content\/uploads\/2023\/07\/weru-fenster-kunststofffenster_castello_plus_ral_weiss_lackiert_standardgriff_sprossen_aufgesetzt_kinderzimmer-web-a51f6760.webp 538w, https:\/\/gela-bau.de\/wp-content\/uploads\/2023\/07\/weru-fenster-kunststofffenster_castello_plus_ral_weiss_lackiert_standardgriff_sprossen_aufgesetzt_kinderzimmer-web-a51f6760-300x159.webp 300w\" sizes=\"(max-width: 538px) 100vw, 538px\" \/><\/figure>\n\n\n\n<figure class=\"wp-block-image size-large\"><img loading=\"lazy\" decoding=\"async\" width=\"1024\" height=\"408\" data-id=\"1261\" src=\"https:\/\/gela.ahafactory.de\/wp-content\/uploads\/2023\/07\/Gela_Weru_Fenster_04-1024x408.jpg\" alt=\"\" class=\"wp-image-1261\" srcset=\"https:\/\/gela-bau.de\/wp-content\/uploads\/2023\/07\/Gela_Weru_Fenster_04-1024x408.jpg 1024w, https:\/\/gela-bau.de\/wp-content\/uploads\/2023\/07\/Gela_Weru_Fenster_04-300x119.jpg 300w, https:\/\/gela-bau.de\/wp-content\/uploads\/2023\/07\/Gela_Weru_Fenster_04-768x306.jpg 768w, https:\/\/gela-bau.de\/wp-content\/uploads\/2023\/07\/Gela_Weru_Fenster_04.jpg 1140w\" sizes=\"(max-width: 1024px) 100vw, 1024px\" \/><\/figure>\n<\/figure>\n","protected":false},"excerpt":{"rendered":"<p>Weru vous offre tout ce qu&rsquo;il faut pour que vous trouviez exactement la bonne fen\u00eatre pour votre nouvelle construction ou votre r\u00e9novation. Que ce soit avec des profil\u00e9s de fen\u00eatres en plastique, en m\u00e9lange plastique-aluminium ou en aluminium, vous \u00eates \u00e0 la bonne adresse si vous recherchez une qualit\u00e9 durable. Notre assortiment r\u00e9pond \u00e9galement \u00e0 [&hellip;]<\/p>\n","protected":false},"author":2,"featured_media":1641,"parent":0,"menu_order":0,"comment_status":"open","ping_status":"open","template":"","format":"standard","meta":{"footnotes":""},"tags":[],"produkt_katgorie":[52],"class_list":["post-1943","produkte","type-produkte","status-publish","format-standard","has-post-thumbnail","hentry","produkt_katgorie-fenetres"],"yoast_head":"<!-- This site is optimized with the Yoast SEO Premium plugin v27.4 (Yoast SEO v27.4) - https:\/\/yoast.com\/product\/yoast-seo-premium-wordpress\/ -->\n<title>WERU Fen\u00eatres - GELA Bauelemente GmbH<\/title>\n<meta name=\"description\" content=\"Fen\u00eatres Weru de GELA\" \/>\n<meta name=\"robots\" content=\"index, follow, max-snippet:-1, max-image-preview:large, max-video-preview:-1\" \/>\n<link rel=\"canonical\" href=\"https:\/\/gela-bau.de\/fr\/produits\/weru-fenetres\/\" \/>\n<meta property=\"og:locale\" content=\"fr_FR\" \/>\n<meta property=\"og:type\" content=\"article\" \/>\n<meta property=\"og:title\" content=\"WERU Fen\u00eatres\" \/>\n<meta property=\"og:description\" content=\"Fen\u00eatres Weru de GELA\" \/>\n<meta property=\"og:url\" content=\"https:\/\/gela-bau.de\/fr\/produits\/weru-fenetres\/\" \/>\n<meta property=\"og:site_name\" content=\"GELA Bauelemente GmbH\" \/>\n<meta property=\"article:publisher\" content=\"https:\/\/www.facebook.com\/Gela.Bauelemente\" \/>\n<meta property=\"article:modified_time\" content=\"2023-10-23T10:26:30+00:00\" \/>\n<meta property=\"og:image\" content=\"https:\/\/gela-bau.de\/wp-content\/uploads\/2023\/07\/weru-CASTELLO-plus_aussen_300dpi-44fddda7.webp\" \/>\n\t<meta property=\"og:image:width\" content=\"538\" \/>\n\t<meta property=\"og:image:height\" content=\"286\" \/>\n\t<meta property=\"og:image:type\" content=\"image\/webp\" \/>\n<meta name=\"twitter:card\" content=\"summary_large_image\" \/>\n<meta name=\"twitter:label1\" content=\"Dur\u00e9e de lecture estim\u00e9e\" \/>\n\t<meta name=\"twitter:data1\" content=\"1 minute\" \/>\n<script type=\"application\/ld+json\" class=\"yoast-schema-graph\">{\"@context\":\"https:\\\/\\\/schema.org\",\"@graph\":[{\"@type\":\"WebPage\",\"@id\":\"https:\\\/\\\/gela-bau.de\\\/fr\\\/produits\\\/weru-fenetres\\\/\",\"url\":\"https:\\\/\\\/gela-bau.de\\\/fr\\\/produits\\\/weru-fenetres\\\/\",\"name\":\"WERU Fen\u00eatres - GELA Bauelemente GmbH\",\"isPartOf\":{\"@id\":\"https:\\\/\\\/gela-bau.de\\\/fr\\\/#website\"},\"primaryImageOfPage\":{\"@id\":\"https:\\\/\\\/gela-bau.de\\\/fr\\\/produits\\\/weru-fenetres\\\/#primaryimage\"},\"image\":{\"@id\":\"https:\\\/\\\/gela-bau.de\\\/fr\\\/produits\\\/weru-fenetres\\\/#primaryimage\"},\"thumbnailUrl\":\"https:\\\/\\\/gela-bau.de\\\/wp-content\\\/uploads\\\/2023\\\/07\\\/weru-CASTELLO-plus_aussen_300dpi-44fddda7.webp\",\"datePublished\":\"2023-07-04T09:42:13+00:00\",\"dateModified\":\"2023-10-23T10:26:30+00:00\",\"description\":\"Fen\u00eatres Weru de GELA\",\"breadcrumb\":{\"@id\":\"https:\\\/\\\/gela-bau.de\\\/fr\\\/produits\\\/weru-fenetres\\\/#breadcrumb\"},\"inLanguage\":\"fr-FR\",\"potentialAction\":[{\"@type\":\"ReadAction\",\"target\":[\"https:\\\/\\\/gela-bau.de\\\/fr\\\/produits\\\/weru-fenetres\\\/\"]}]},{\"@type\":\"ImageObject\",\"inLanguage\":\"fr-FR\",\"@id\":\"https:\\\/\\\/gela-bau.de\\\/fr\\\/produits\\\/weru-fenetres\\\/#primaryimage\",\"url\":\"https:\\\/\\\/gela-bau.de\\\/wp-content\\\/uploads\\\/2023\\\/07\\\/weru-CASTELLO-plus_aussen_300dpi-44fddda7.webp\",\"contentUrl\":\"https:\\\/\\\/gela-bau.de\\\/wp-content\\\/uploads\\\/2023\\\/07\\\/weru-CASTELLO-plus_aussen_300dpi-44fddda7.webp\",\"width\":538,\"height\":286},{\"@type\":\"BreadcrumbList\",\"@id\":\"https:\\\/\\\/gela-bau.de\\\/fr\\\/produits\\\/weru-fenetres\\\/#breadcrumb\",\"itemListElement\":[{\"@type\":\"ListItem\",\"position\":1,\"name\":\"Startseite\",\"item\":\"https:\\\/\\\/gela-bau.de\\\/fr\\\/\"},{\"@type\":\"ListItem\",\"position\":2,\"name\":\"Produkte\",\"item\":\"https:\\\/\\\/gela-bau.de\\\/fr\\\/produits\\\/\"},{\"@type\":\"ListItem\",\"position\":3,\"name\":\"WERU Fen\u00eatres\"}]},{\"@type\":\"WebSite\",\"@id\":\"https:\\\/\\\/gela-bau.de\\\/fr\\\/#website\",\"url\":\"https:\\\/\\\/gela-bau.de\\\/fr\\\/\",\"name\":\"GELA Bauelemente GmbH\",\"description\":\"Ihr Fensterbauer\",\"publisher\":{\"@id\":\"https:\\\/\\\/gela-bau.de\\\/fr\\\/#organization\"},\"potentialAction\":[{\"@type\":\"SearchAction\",\"target\":{\"@type\":\"EntryPoint\",\"urlTemplate\":\"https:\\\/\\\/gela-bau.de\\\/fr\\\/?s={search_term_string}\"},\"query-input\":{\"@type\":\"PropertyValueSpecification\",\"valueRequired\":true,\"valueName\":\"search_term_string\"}}],\"inLanguage\":\"fr-FR\"},{\"@type\":\"Organization\",\"@id\":\"https:\\\/\\\/gela-bau.de\\\/fr\\\/#organization\",\"name\":\"GELA Bauelemente GmbH\",\"url\":\"https:\\\/\\\/gela-bau.de\\\/fr\\\/\",\"logo\":{\"@type\":\"ImageObject\",\"inLanguage\":\"fr-FR\",\"@id\":\"https:\\\/\\\/gela-bau.de\\\/fr\\\/#\\\/schema\\\/logo\\\/image\\\/\",\"url\":\"https:\\\/\\\/gela-bau.de\\\/wp-content\\\/uploads\\\/2023\\\/05\\\/GELA-Logo.svg\",\"contentUrl\":\"https:\\\/\\\/gela-bau.de\\\/wp-content\\\/uploads\\\/2023\\\/05\\\/GELA-Logo.svg\",\"width\":304,\"height\":112,\"caption\":\"GELA Bauelemente GmbH\"},\"image\":{\"@id\":\"https:\\\/\\\/gela-bau.de\\\/fr\\\/#\\\/schema\\\/logo\\\/image\\\/\"},\"sameAs\":[\"https:\\\/\\\/www.facebook.com\\\/Gela.Bauelemente\",\"https:\\\/\\\/www.instagram.com\\\/gela.bauelemente\\\/\"]}]}<\/script>\n<!-- \/ Yoast SEO Premium plugin. -->","yoast_head_json":{"title":"WERU Fen\u00eatres - GELA Bauelemente GmbH","description":"Fen\u00eatres Weru de GELA","robots":{"index":"index","follow":"follow","max-snippet":"max-snippet:-1","max-image-preview":"max-image-preview:large","max-video-preview":"max-video-preview:-1"},"canonical":"https:\/\/gela-bau.de\/fr\/produits\/weru-fenetres\/","og_locale":"fr_FR","og_type":"article","og_title":"WERU Fen\u00eatres","og_description":"Fen\u00eatres Weru de GELA","og_url":"https:\/\/gela-bau.de\/fr\/produits\/weru-fenetres\/","og_site_name":"GELA Bauelemente GmbH","article_publisher":"https:\/\/www.facebook.com\/Gela.Bauelemente","article_modified_time":"2023-10-23T10:26:30+00:00","og_image":[{"width":538,"height":286,"url":"https:\/\/gela-bau.de\/wp-content\/uploads\/2023\/07\/weru-CASTELLO-plus_aussen_300dpi-44fddda7.webp","type":"image\/webp"}],"twitter_card":"summary_large_image","twitter_misc":{"Dur\u00e9e de lecture estim\u00e9e":"1 minute"},"schema":{"@context":"https:\/\/schema.org","@graph":[{"@type":"WebPage","@id":"https:\/\/gela-bau.de\/fr\/produits\/weru-fenetres\/","url":"https:\/\/gela-bau.de\/fr\/produits\/weru-fenetres\/","name":"WERU Fen\u00eatres - GELA Bauelemente GmbH","isPartOf":{"@id":"https:\/\/gela-bau.de\/fr\/#website"},"primaryImageOfPage":{"@id":"https:\/\/gela-bau.de\/fr\/produits\/weru-fenetres\/#primaryimage"},"image":{"@id":"https:\/\/gela-bau.de\/fr\/produits\/weru-fenetres\/#primaryimage"},"thumbnailUrl":"https:\/\/gela-bau.de\/wp-content\/uploads\/2023\/07\/weru-CASTELLO-plus_aussen_300dpi-44fddda7.webp","datePublished":"2023-07-04T09:42:13+00:00","dateModified":"2023-10-23T10:26:30+00:00","description":"Fen\u00eatres Weru de GELA","breadcrumb":{"@id":"https:\/\/gela-bau.de\/fr\/produits\/weru-fenetres\/#breadcrumb"},"inLanguage":"fr-FR","potentialAction":[{"@type":"ReadAction","target":["https:\/\/gela-bau.de\/fr\/produits\/weru-fenetres\/"]}]},{"@type":"ImageObject","inLanguage":"fr-FR","@id":"https:\/\/gela-bau.de\/fr\/produits\/weru-fenetres\/#primaryimage","url":"https:\/\/gela-bau.de\/wp-content\/uploads\/2023\/07\/weru-CASTELLO-plus_aussen_300dpi-44fddda7.webp","contentUrl":"https:\/\/gela-bau.de\/wp-content\/uploads\/2023\/07\/weru-CASTELLO-plus_aussen_300dpi-44fddda7.webp","width":538,"height":286},{"@type":"BreadcrumbList","@id":"https:\/\/gela-bau.de\/fr\/produits\/weru-fenetres\/#breadcrumb","itemListElement":[{"@type":"ListItem","position":1,"name":"Startseite","item":"https:\/\/gela-bau.de\/fr\/"},{"@type":"ListItem","position":2,"name":"Produkte","item":"https:\/\/gela-bau.de\/fr\/produits\/"},{"@type":"ListItem","position":3,"name":"WERU Fen\u00eatres"}]},{"@type":"WebSite","@id":"https:\/\/gela-bau.de\/fr\/#website","url":"https:\/\/gela-bau.de\/fr\/","name":"GELA Bauelemente GmbH","description":"Ihr Fensterbauer","publisher":{"@id":"https:\/\/gela-bau.de\/fr\/#organization"},"potentialAction":[{"@type":"SearchAction","target":{"@type":"EntryPoint","urlTemplate":"https:\/\/gela-bau.de\/fr\/?s={search_term_string}"},"query-input":{"@type":"PropertyValueSpecification","valueRequired":true,"valueName":"search_term_string"}}],"inLanguage":"fr-FR"},{"@type":"Organization","@id":"https:\/\/gela-bau.de\/fr\/#organization","name":"GELA Bauelemente GmbH","url":"https:\/\/gela-bau.de\/fr\/","logo":{"@type":"ImageObject","inLanguage":"fr-FR","@id":"https:\/\/gela-bau.de\/fr\/#\/schema\/logo\/image\/","url":"https:\/\/gela-bau.de\/wp-content\/uploads\/2023\/05\/GELA-Logo.svg","contentUrl":"https:\/\/gela-bau.de\/wp-content\/uploads\/2023\/05\/GELA-Logo.svg","width":304,"height":112,"caption":"GELA Bauelemente GmbH"},"image":{"@id":"https:\/\/gela-bau.de\/fr\/#\/schema\/logo\/image\/"},"sameAs":["https:\/\/www.facebook.com\/Gela.Bauelemente","https:\/\/www.instagram.com\/gela.bauelemente\/"]}]}},"_links":{"self":[{"href":"https:\/\/gela-bau.de\/fr\/wp-json\/wp\/v2\/produkte\/1943","targetHints":{"allow":["GET"]}}],"collection":[{"href":"https:\/\/gela-bau.de\/fr\/wp-json\/wp\/v2\/produkte"}],"about":[{"href":"https:\/\/gela-bau.de\/fr\/wp-json\/wp\/v2\/types\/produkte"}],"author":[{"embeddable":true,"href":"https:\/\/gela-bau.de\/fr\/wp-json\/wp\/v2\/users\/2"}],"replies":[{"embeddable":true,"href":"https:\/\/gela-bau.de\/fr\/wp-json\/wp\/v2\/comments?post=1943"}],"version-history":[{"count":1,"href":"https:\/\/gela-bau.de\/fr\/wp-json\/wp\/v2\/produkte\/1943\/revisions"}],"predecessor-version":[{"id":1944,"href":"https:\/\/gela-bau.de\/fr\/wp-json\/wp\/v2\/produkte\/1943\/revisions\/1944"}],"wp:featuredmedia":[{"embeddable":true,"href":"https:\/\/gela-bau.de\/fr\/wp-json\/wp\/v2\/media\/1641"}],"wp:attachment":[{"href":"https:\/\/gela-bau.de\/fr\/wp-json\/wp\/v2\/media?parent=1943"}],"wp:term":[{"taxonomy":"post_tag","embeddable":true,"href":"https:\/\/gela-bau.de\/fr\/wp-json\/wp\/v2\/tags?post=1943"},{"taxonomy":"produkt_katgorie","embeddable":true,"href":"https:\/\/gela-bau.de\/fr\/wp-json\/wp\/v2\/produkt_katgorie?post=1943"}],"curies":[{"name":"wp","href":"https:\/\/api.w.org\/{rel}","templated":true}]}}