{"id":1945,"date":"2023-07-04T09:37:36","date_gmt":"2023-07-04T09:37:36","guid":{"rendered":"https:\/\/gela-bau.de\/produkte\/portes-dentree-weru\/"},"modified":"2023-10-23T10:43:38","modified_gmt":"2023-10-23T10:43:38","slug":"portes-dentree-weru","status":"publish","type":"produkte","link":"https:\/\/gela-bau.de\/fr\/produits\/portes-dentree-weru\/","title":{"rendered":"Portes d&rsquo;entr\u00e9e WERU"},"content":{"rendered":"&#13;\n<p>Aussi individuelle que vous : concevez votre porte Weru selon votre imagination et choisissez parmi diff\u00e9rents types de mat\u00e9riaux, de design, de couleurs et d&rsquo;\u00e9quipement. Avec les portes d&rsquo;entr\u00e9e de Weru, vos souhaits ne connaissent aucune limite. La qualit\u00e9 est \u00e9galement assur\u00e9e pour l&rsquo;\u00e9quipement : des portes d&rsquo;entr\u00e9e avec une protection de base \u00e9lev\u00e9e aux portes d&rsquo;entr\u00e9e avec d&rsquo;excellentes valeurs d&rsquo;efficacit\u00e9 \u00e9nerg\u00e9tique &#8211; ou bien s\u00fbr les deux dans une seule porte d&rsquo;entr\u00e9e &#8211; comme vous le souhaitez.<\/p>&#13;\n&#13;\n<p><a href=\"https:\/\/tuerenkonfigurator.weru.com\/?encodeddealeremail=bWdAZ2VsYS1iYXUuZGU=\" target=\"_blank\" rel=\"noreferrer noopener\">Vers le configurateur de porte pour les portes d&rsquo;entr\u00e9e WERU<\/a><\/p>&#13;\n\r\n<figure class=\"wp-block-gallery has-nested-images columns-default is-cropped wp-block-gallery-1 is-layout-flex wp-block-gallery-is-layout-flex\">&#13;\n<figure class=\"wp-block-image size-large\"><img fetchpriority=\"high\" decoding=\"async\" width=\"768\" height=\"768\" data-id=\"1279\" class=\"wp-image-1279\" src=\"https:\/\/gela.ahafactory.de\/wp-content\/uploads\/2023\/07\/WERU-Haustuer-1.jpg\" alt=\"\" srcset=\"https:\/\/gela-bau.de\/wp-content\/uploads\/2023\/07\/WERU-Haustuer-1.jpg 768w, https:\/\/gela-bau.de\/wp-content\/uploads\/2023\/07\/WERU-Haustuer-1-300x300.jpg 300w, https:\/\/gela-bau.de\/wp-content\/uploads\/2023\/07\/WERU-Haustuer-1-150x150.jpg 150w\" sizes=\"(max-width: 768px) 100vw, 768px\" \/><\/figure>&#13;\n\r\n\r\n&#13;\n<figure class=\"wp-block-image size-large\"><img decoding=\"async\" width=\"768\" height=\"768\" data-id=\"1281\" class=\"wp-image-1281\" src=\"https:\/\/gela.ahafactory.de\/wp-content\/uploads\/2023\/07\/WERU-Haustuer-2.jpg\" alt=\"\" srcset=\"https:\/\/gela-bau.de\/wp-content\/uploads\/2023\/07\/WERU-Haustuer-2.jpg 768w, https:\/\/gela-bau.de\/wp-content\/uploads\/2023\/07\/WERU-Haustuer-2-300x300.jpg 300w, https:\/\/gela-bau.de\/wp-content\/uploads\/2023\/07\/WERU-Haustuer-2-150x150.jpg 150w\" sizes=\"(max-width: 768px) 100vw, 768px\" \/><\/figure>&#13;\n\r\n\r\n&#13;\n<figure class=\"wp-block-image size-large\"><img decoding=\"async\" width=\"768\" height=\"768\" data-id=\"1282\" class=\"wp-image-1282\" src=\"https:\/\/gela.ahafactory.de\/wp-content\/uploads\/2023\/07\/WERU-Haustuer-3.jpg\" alt=\"\" srcset=\"https:\/\/gela-bau.de\/wp-content\/uploads\/2023\/07\/WERU-Haustuer-3.jpg 768w, https:\/\/gela-bau.de\/wp-content\/uploads\/2023\/07\/WERU-Haustuer-3-300x300.jpg 300w, https:\/\/gela-bau.de\/wp-content\/uploads\/2023\/07\/WERU-Haustuer-3-150x150.jpg 150w\" sizes=\"(max-width: 768px) 100vw, 768px\" \/><\/figure>&#13;\n\r\n\r\n&#13;\n<figure class=\"wp-block-image size-large\"><img loading=\"lazy\" decoding=\"async\" width=\"768\" height=\"768\" data-id=\"1283\" class=\"wp-image-1283\" src=\"https:\/\/gela.ahafactory.de\/wp-content\/uploads\/2023\/07\/WERU-Haustuer-4.jpg\" alt=\"\" srcset=\"https:\/\/gela-bau.de\/wp-content\/uploads\/2023\/07\/WERU-Haustuer-4.jpg 768w, https:\/\/gela-bau.de\/wp-content\/uploads\/2023\/07\/WERU-Haustuer-4-300x300.jpg 300w, https:\/\/gela-bau.de\/wp-content\/uploads\/2023\/07\/WERU-Haustuer-4-150x150.jpg 150w\" sizes=\"(max-width: 768px) 100vw, 768px\" \/><\/figure>&#13;\n\r\n\r\n&#13;\n<figure class=\"wp-block-image size-large\"><img loading=\"lazy\" decoding=\"async\" width=\"768\" height=\"768\" data-id=\"1284\" class=\"wp-image-1284\" src=\"https:\/\/gela.ahafactory.de\/wp-content\/uploads\/2023\/07\/WERU-Haustuer-5.jpg\" alt=\"\" srcset=\"https:\/\/gela-bau.de\/wp-content\/uploads\/2023\/07\/WERU-Haustuer-5.jpg 768w, https:\/\/gela-bau.de\/wp-content\/uploads\/2023\/07\/WERU-Haustuer-5-300x300.jpg 300w, https:\/\/gela-bau.de\/wp-content\/uploads\/2023\/07\/WERU-Haustuer-5-150x150.jpg 150w\" sizes=\"(max-width: 768px) 100vw, 768px\" \/><\/figure>&#13;\n\r\n\r\n&#13;\n<figure class=\"wp-block-image size-large\"><img loading=\"lazy\" decoding=\"async\" width=\"768\" height=\"768\" data-id=\"1285\" class=\"wp-image-1285\" src=\"https:\/\/gela.ahafactory.de\/wp-content\/uploads\/2023\/07\/WERU-Haustuer-6.jpg\" alt=\"\" srcset=\"https:\/\/gela-bau.de\/wp-content\/uploads\/2023\/07\/WERU-Haustuer-6.jpg 768w, https:\/\/gela-bau.de\/wp-content\/uploads\/2023\/07\/WERU-Haustuer-6-300x300.jpg 300w, https:\/\/gela-bau.de\/wp-content\/uploads\/2023\/07\/WERU-Haustuer-6-150x150.jpg 150w\" sizes=\"(max-width: 768px) 100vw, 768px\" \/><\/figure>&#13;\n\r\n\r\n&#13;\n<figure class=\"wp-block-image size-large\"><img loading=\"lazy\" decoding=\"async\" width=\"768\" height=\"768\" data-id=\"1286\" class=\"wp-image-1286\" src=\"https:\/\/gela.ahafactory.de\/wp-content\/uploads\/2023\/07\/WERU-Haustuer-7.jpg\" alt=\"\" srcset=\"https:\/\/gela-bau.de\/wp-content\/uploads\/2023\/07\/WERU-Haustuer-7.jpg 768w, https:\/\/gela-bau.de\/wp-content\/uploads\/2023\/07\/WERU-Haustuer-7-300x300.jpg 300w, https:\/\/gela-bau.de\/wp-content\/uploads\/2023\/07\/WERU-Haustuer-7-150x150.jpg 150w\" sizes=\"(max-width: 768px) 100vw, 768px\" \/><\/figure>&#13;\n\r\n\r\n&#13;\n<figure class=\"wp-block-image size-large\"><img loading=\"lazy\" decoding=\"async\" width=\"768\" height=\"768\" data-id=\"1287\" class=\"wp-image-1287\" src=\"https:\/\/gela.ahafactory.de\/wp-content\/uploads\/2023\/07\/WERU-Haustuer-8.jpg\" alt=\"\" srcset=\"https:\/\/gela-bau.de\/wp-content\/uploads\/2023\/07\/WERU-Haustuer-8.jpg 768w, https:\/\/gela-bau.de\/wp-content\/uploads\/2023\/07\/WERU-Haustuer-8-300x300.jpg 300w, https:\/\/gela-bau.de\/wp-content\/uploads\/2023\/07\/WERU-Haustuer-8-150x150.jpg 150w\" sizes=\"(max-width: 768px) 100vw, 768px\" \/><\/figure>&#13;\n<\/figure>\r\n","protected":false},"excerpt":{"rendered":"<p>&#13; Aussi individuelle que vous : concevez votre porte Weru selon votre imagination et choisissez parmi diff\u00e9rents types de mat\u00e9riaux, de design, de couleurs et d&rsquo;\u00e9quipement. Avec les portes d&rsquo;entr\u00e9e de Weru, vos souhaits ne connaissent aucune limite. La qualit\u00e9 est \u00e9galement assur\u00e9e pour l&rsquo;\u00e9quipement : des portes d&rsquo;entr\u00e9e avec une protection de base \u00e9lev\u00e9e [&hellip;]<\/p>\n","protected":false},"author":2,"featured_media":1611,"parent":0,"menu_order":0,"comment_status":"open","ping_status":"open","template":"","format":"gallery","meta":{"footnotes":""},"tags":[],"produkt_katgorie":[54],"class_list":["post-1945","produkte","type-produkte","status-publish","format-gallery","has-post-thumbnail","hentry","post_format-post-format-gallery","produkt_katgorie-portes-dentree"],"yoast_head":"<!-- This site is optimized with the Yoast SEO Premium plugin v27.4 (Yoast SEO v27.4) - https:\/\/yoast.com\/product\/yoast-seo-premium-wordpress\/ -->\n<title>Portes d&#039;entr\u00e9e WERU - GELA Bauelemente GmbH<\/title>\n<meta name=\"robots\" content=\"index, follow, max-snippet:-1, max-image-preview:large, max-video-preview:-1\" \/>\n<link rel=\"canonical\" href=\"https:\/\/gela-bau.de\/fr\/produits\/portes-dentree-weru\/\" \/>\n<meta property=\"og:locale\" content=\"fr_FR\" \/>\n<meta property=\"og:type\" content=\"article\" \/>\n<meta property=\"og:title\" content=\"Portes d&#039;entr\u00e9e WERU\" \/>\n<meta property=\"og:description\" content=\"&#013; Aussi individuelle que vous : concevez votre porte Weru selon votre imagination et choisissez parmi diff\u00e9rents types de mat\u00e9riaux, de design, de couleurs et d&rsquo;\u00e9quipement. Avec les portes d&rsquo;entr\u00e9e de Weru, vos souhaits ne connaissent aucune limite. La qualit\u00e9 est \u00e9galement assur\u00e9e pour l&rsquo;\u00e9quipement : des portes d&rsquo;entr\u00e9e avec une protection de base \u00e9lev\u00e9e [&hellip;]\" \/>\n<meta property=\"og:url\" content=\"https:\/\/gela-bau.de\/fr\/produits\/portes-dentree-weru\/\" \/>\n<meta property=\"og:site_name\" content=\"GELA Bauelemente GmbH\" \/>\n<meta property=\"article:publisher\" content=\"https:\/\/www.facebook.com\/Gela.Bauelemente\" \/>\n<meta property=\"article:modified_time\" content=\"2023-10-23T10:43:38+00:00\" \/>\n<meta property=\"og:image\" content=\"https:\/\/gela-bau.de\/wp-content\/uploads\/2023\/07\/Gela_Weru_Tuer_Slider_09.jpg\" \/>\n\t<meta property=\"og:image:width\" content=\"1140\" \/>\n\t<meta property=\"og:image:height\" content=\"454\" \/>\n\t<meta property=\"og:image:type\" content=\"image\/jpeg\" \/>\n<meta name=\"twitter:card\" content=\"summary_large_image\" \/>\n<script type=\"application\/ld+json\" class=\"yoast-schema-graph\">{\"@context\":\"https:\\\/\\\/schema.org\",\"@graph\":[{\"@type\":\"WebPage\",\"@id\":\"https:\\\/\\\/gela-bau.de\\\/fr\\\/produits\\\/portes-dentree-weru\\\/\",\"url\":\"https:\\\/\\\/gela-bau.de\\\/fr\\\/produits\\\/portes-dentree-weru\\\/\",\"name\":\"Portes d'entr\u00e9e WERU - GELA Bauelemente GmbH\",\"isPartOf\":{\"@id\":\"https:\\\/\\\/gela-bau.de\\\/fr\\\/#website\"},\"primaryImageOfPage\":{\"@id\":\"https:\\\/\\\/gela-bau.de\\\/fr\\\/produits\\\/portes-dentree-weru\\\/#primaryimage\"},\"image\":{\"@id\":\"https:\\\/\\\/gela-bau.de\\\/fr\\\/produits\\\/portes-dentree-weru\\\/#primaryimage\"},\"thumbnailUrl\":\"https:\\\/\\\/gela-bau.de\\\/wp-content\\\/uploads\\\/2023\\\/07\\\/Gela_Weru_Tuer_Slider_09.jpg\",\"datePublished\":\"2023-07-04T09:37:36+00:00\",\"dateModified\":\"2023-10-23T10:43:38+00:00\",\"breadcrumb\":{\"@id\":\"https:\\\/\\\/gela-bau.de\\\/fr\\\/produits\\\/portes-dentree-weru\\\/#breadcrumb\"},\"inLanguage\":\"fr-FR\",\"potentialAction\":[{\"@type\":\"ReadAction\",\"target\":[\"https:\\\/\\\/gela-bau.de\\\/fr\\\/produits\\\/portes-dentree-weru\\\/\"]}]},{\"@type\":\"ImageObject\",\"inLanguage\":\"fr-FR\",\"@id\":\"https:\\\/\\\/gela-bau.de\\\/fr\\\/produits\\\/portes-dentree-weru\\\/#primaryimage\",\"url\":\"https:\\\/\\\/gela-bau.de\\\/wp-content\\\/uploads\\\/2023\\\/07\\\/Gela_Weru_Tuer_Slider_09.jpg\",\"contentUrl\":\"https:\\\/\\\/gela-bau.de\\\/wp-content\\\/uploads\\\/2023\\\/07\\\/Gela_Weru_Tuer_Slider_09.jpg\",\"width\":1140,\"height\":454},{\"@type\":\"BreadcrumbList\",\"@id\":\"https:\\\/\\\/gela-bau.de\\\/fr\\\/produits\\\/portes-dentree-weru\\\/#breadcrumb\",\"itemListElement\":[{\"@type\":\"ListItem\",\"position\":1,\"name\":\"Startseite\",\"item\":\"https:\\\/\\\/gela-bau.de\\\/fr\\\/\"},{\"@type\":\"ListItem\",\"position\":2,\"name\":\"Produkte\",\"item\":\"https:\\\/\\\/gela-bau.de\\\/fr\\\/produits\\\/\"},{\"@type\":\"ListItem\",\"position\":3,\"name\":\"Portes d&rsquo;entr\u00e9e WERU\"}]},{\"@type\":\"WebSite\",\"@id\":\"https:\\\/\\\/gela-bau.de\\\/fr\\\/#website\",\"url\":\"https:\\\/\\\/gela-bau.de\\\/fr\\\/\",\"name\":\"GELA Bauelemente GmbH\",\"description\":\"Ihr Fensterbauer\",\"publisher\":{\"@id\":\"https:\\\/\\\/gela-bau.de\\\/fr\\\/#organization\"},\"potentialAction\":[{\"@type\":\"SearchAction\",\"target\":{\"@type\":\"EntryPoint\",\"urlTemplate\":\"https:\\\/\\\/gela-bau.de\\\/fr\\\/?s={search_term_string}\"},\"query-input\":{\"@type\":\"PropertyValueSpecification\",\"valueRequired\":true,\"valueName\":\"search_term_string\"}}],\"inLanguage\":\"fr-FR\"},{\"@type\":\"Organization\",\"@id\":\"https:\\\/\\\/gela-bau.de\\\/fr\\\/#organization\",\"name\":\"GELA Bauelemente GmbH\",\"url\":\"https:\\\/\\\/gela-bau.de\\\/fr\\\/\",\"logo\":{\"@type\":\"ImageObject\",\"inLanguage\":\"fr-FR\",\"@id\":\"https:\\\/\\\/gela-bau.de\\\/fr\\\/#\\\/schema\\\/logo\\\/image\\\/\",\"url\":\"https:\\\/\\\/gela-bau.de\\\/wp-content\\\/uploads\\\/2023\\\/05\\\/GELA-Logo.svg\",\"contentUrl\":\"https:\\\/\\\/gela-bau.de\\\/wp-content\\\/uploads\\\/2023\\\/05\\\/GELA-Logo.svg\",\"width\":304,\"height\":112,\"caption\":\"GELA Bauelemente GmbH\"},\"image\":{\"@id\":\"https:\\\/\\\/gela-bau.de\\\/fr\\\/#\\\/schema\\\/logo\\\/image\\\/\"},\"sameAs\":[\"https:\\\/\\\/www.facebook.com\\\/Gela.Bauelemente\",\"https:\\\/\\\/www.instagram.com\\\/gela.bauelemente\\\/\"]}]}<\/script>\n<!-- \/ Yoast SEO Premium plugin. -->","yoast_head_json":{"title":"Portes d'entr\u00e9e WERU - GELA Bauelemente GmbH","robots":{"index":"index","follow":"follow","max-snippet":"max-snippet:-1","max-image-preview":"max-image-preview:large","max-video-preview":"max-video-preview:-1"},"canonical":"https:\/\/gela-bau.de\/fr\/produits\/portes-dentree-weru\/","og_locale":"fr_FR","og_type":"article","og_title":"Portes d'entr\u00e9e WERU","og_description":"&#13; Aussi individuelle que vous : concevez votre porte Weru selon votre imagination et choisissez parmi diff\u00e9rents types de mat\u00e9riaux, de design, de couleurs et d&rsquo;\u00e9quipement. Avec les portes d&rsquo;entr\u00e9e de Weru, vos souhaits ne connaissent aucune limite. La qualit\u00e9 est \u00e9galement assur\u00e9e pour l&rsquo;\u00e9quipement : des portes d&rsquo;entr\u00e9e avec une protection de base \u00e9lev\u00e9e [&hellip;]","og_url":"https:\/\/gela-bau.de\/fr\/produits\/portes-dentree-weru\/","og_site_name":"GELA Bauelemente GmbH","article_publisher":"https:\/\/www.facebook.com\/Gela.Bauelemente","article_modified_time":"2023-10-23T10:43:38+00:00","og_image":[{"width":1140,"height":454,"url":"https:\/\/gela-bau.de\/wp-content\/uploads\/2023\/07\/Gela_Weru_Tuer_Slider_09.jpg","type":"image\/jpeg"}],"twitter_card":"summary_large_image","schema":{"@context":"https:\/\/schema.org","@graph":[{"@type":"WebPage","@id":"https:\/\/gela-bau.de\/fr\/produits\/portes-dentree-weru\/","url":"https:\/\/gela-bau.de\/fr\/produits\/portes-dentree-weru\/","name":"Portes d'entr\u00e9e WERU - GELA Bauelemente GmbH","isPartOf":{"@id":"https:\/\/gela-bau.de\/fr\/#website"},"primaryImageOfPage":{"@id":"https:\/\/gela-bau.de\/fr\/produits\/portes-dentree-weru\/#primaryimage"},"image":{"@id":"https:\/\/gela-bau.de\/fr\/produits\/portes-dentree-weru\/#primaryimage"},"thumbnailUrl":"https:\/\/gela-bau.de\/wp-content\/uploads\/2023\/07\/Gela_Weru_Tuer_Slider_09.jpg","datePublished":"2023-07-04T09:37:36+00:00","dateModified":"2023-10-23T10:43:38+00:00","breadcrumb":{"@id":"https:\/\/gela-bau.de\/fr\/produits\/portes-dentree-weru\/#breadcrumb"},"inLanguage":"fr-FR","potentialAction":[{"@type":"ReadAction","target":["https:\/\/gela-bau.de\/fr\/produits\/portes-dentree-weru\/"]}]},{"@type":"ImageObject","inLanguage":"fr-FR","@id":"https:\/\/gela-bau.de\/fr\/produits\/portes-dentree-weru\/#primaryimage","url":"https:\/\/gela-bau.de\/wp-content\/uploads\/2023\/07\/Gela_Weru_Tuer_Slider_09.jpg","contentUrl":"https:\/\/gela-bau.de\/wp-content\/uploads\/2023\/07\/Gela_Weru_Tuer_Slider_09.jpg","width":1140,"height":454},{"@type":"BreadcrumbList","@id":"https:\/\/gela-bau.de\/fr\/produits\/portes-dentree-weru\/#breadcrumb","itemListElement":[{"@type":"ListItem","position":1,"name":"Startseite","item":"https:\/\/gela-bau.de\/fr\/"},{"@type":"ListItem","position":2,"name":"Produkte","item":"https:\/\/gela-bau.de\/fr\/produits\/"},{"@type":"ListItem","position":3,"name":"Portes d&rsquo;entr\u00e9e WERU"}]},{"@type":"WebSite","@id":"https:\/\/gela-bau.de\/fr\/#website","url":"https:\/\/gela-bau.de\/fr\/","name":"GELA Bauelemente GmbH","description":"Ihr Fensterbauer","publisher":{"@id":"https:\/\/gela-bau.de\/fr\/#organization"},"potentialAction":[{"@type":"SearchAction","target":{"@type":"EntryPoint","urlTemplate":"https:\/\/gela-bau.de\/fr\/?s={search_term_string}"},"query-input":{"@type":"PropertyValueSpecification","valueRequired":true,"valueName":"search_term_string"}}],"inLanguage":"fr-FR"},{"@type":"Organization","@id":"https:\/\/gela-bau.de\/fr\/#organization","name":"GELA Bauelemente GmbH","url":"https:\/\/gela-bau.de\/fr\/","logo":{"@type":"ImageObject","inLanguage":"fr-FR","@id":"https:\/\/gela-bau.de\/fr\/#\/schema\/logo\/image\/","url":"https:\/\/gela-bau.de\/wp-content\/uploads\/2023\/05\/GELA-Logo.svg","contentUrl":"https:\/\/gela-bau.de\/wp-content\/uploads\/2023\/05\/GELA-Logo.svg","width":304,"height":112,"caption":"GELA Bauelemente GmbH"},"image":{"@id":"https:\/\/gela-bau.de\/fr\/#\/schema\/logo\/image\/"},"sameAs":["https:\/\/www.facebook.com\/Gela.Bauelemente","https:\/\/www.instagram.com\/gela.bauelemente\/"]}]}},"_links":{"self":[{"href":"https:\/\/gela-bau.de\/fr\/wp-json\/wp\/v2\/produkte\/1945","targetHints":{"allow":["GET"]}}],"collection":[{"href":"https:\/\/gela-bau.de\/fr\/wp-json\/wp\/v2\/produkte"}],"about":[{"href":"https:\/\/gela-bau.de\/fr\/wp-json\/wp\/v2\/types\/produkte"}],"author":[{"embeddable":true,"href":"https:\/\/gela-bau.de\/fr\/wp-json\/wp\/v2\/users\/2"}],"replies":[{"embeddable":true,"href":"https:\/\/gela-bau.de\/fr\/wp-json\/wp\/v2\/comments?post=1945"}],"version-history":[{"count":1,"href":"https:\/\/gela-bau.de\/fr\/wp-json\/wp\/v2\/produkte\/1945\/revisions"}],"predecessor-version":[{"id":1946,"href":"https:\/\/gela-bau.de\/fr\/wp-json\/wp\/v2\/produkte\/1945\/revisions\/1946"}],"wp:featuredmedia":[{"embeddable":true,"href":"https:\/\/gela-bau.de\/fr\/wp-json\/wp\/v2\/media\/1611"}],"wp:attachment":[{"href":"https:\/\/gela-bau.de\/fr\/wp-json\/wp\/v2\/media?parent=1945"}],"wp:term":[{"taxonomy":"post_tag","embeddable":true,"href":"https:\/\/gela-bau.de\/fr\/wp-json\/wp\/v2\/tags?post=1945"},{"taxonomy":"produkt_katgorie","embeddable":true,"href":"https:\/\/gela-bau.de\/fr\/wp-json\/wp\/v2\/produkt_katgorie?post=1945"}],"curies":[{"name":"wp","href":"https:\/\/api.w.org\/{rel}","templated":true}]}}